{"id":17,"date":"2022-12-09T16:47:26","date_gmt":"2022-12-09T16:47:26","guid":{"rendered":"https:\/\/szmcsaladsegito.hu\/?page_id=17"},"modified":"2024-11-08T12:59:12","modified_gmt":"2024-11-08T12:59:12","slug":"szolgaltatasaink","status":"publish","type":"page","link":"https:\/\/szmcsaladsegito.hu\/index.php\/szolgaltatasaink\/","title":{"rendered":"<strong>Szolg\u00e1ltat\u00e1saink<\/strong>"},"content":{"rendered":"\n<p><\/p>\n\n\n\n<p><strong>Csal\u00e1d- \u00e9s gyermekj\u00f3l\u00e9ti szolg\u00e1lat feladatainak ell\u00e1t\u00e1sa<\/strong><\/p>\n\n\n\n<ul class=\"wp-block-list\">\n<li>Inform\u00e1ci\u00f3ny\u00fajt\u00e1s, t\u00e1j\u00e9koztat\u00e1s<\/li>\n\n\n\n<li>Seg\u00edt\u0151 besz\u00e9lget\u00e9s<\/li>\n\n\n\n<li>\u00dcgyint\u00e9z\u00e9si seg\u00edts\u00e9g<\/li>\n\n\n\n<li>Csal\u00e1dgondoz\u00e1s<\/li>\n<\/ul>\n\n\n\n<p><strong>Vesz\u00e9lyeztetetts\u00e9ges \u00e9szlel\u0151 \u00e9s jelz\u0151rendszer m\u0171k\u00f6dtet\u00e9se<\/strong><\/p>\n\n\n\n<p><strong>Javaslat hat\u00f3s\u00e1gi int\u00e9zked\u00e9sre<\/strong><\/p>\n\n\n\n<ul class=\"wp-block-list\">\n<li>v\u00e9delembe v\u00e9tel,<\/li>\n\n\n\n<li>ideiglenes hat\u00e1ly\u00fa elhelyez\u00e9s,<\/li>\n\n\n\n<li>nevel\u00e9sbe v\u00e9tel<\/li>\n<\/ul>\n\n\n\n<p><strong>K\u00f6zrem\u0171k\u00f6d\u00e9s hat\u00f3s\u00e1gi int\u00e9zked\u00e9sben<\/strong><\/p>\n\n\n\n<ul class=\"wp-block-list\">\n<li>v\u00e9delembe v\u00e9tel,<\/li>\n\n\n\n<li>ideiglenes hat\u00e1ly\u00fa elhelyez\u00e9s,<\/li>\n\n\n\n<li>nevel\u00e9sbe v\u00e9tel<\/li>\n<\/ul>\n\n\n\n<p><strong>Csal\u00e1dgondoz\u00e1s a csal\u00e1dj\u00e1b\u00f3l kiemelt gyermek visszahelyez\u00e9se \u00e9rdek\u00e9ben<\/strong><\/p>\n\n\n\n<p><strong>Ut\u00f3gondoz\u00f3i munka<\/strong>&nbsp;(nevel\u00e9sbe v\u00e9tel megsz\u0171n\u00e9s\u00e9t k\u00f6vet\u0151en)<\/p>\n\n\n\n<p><strong>Ad\u00f3ss\u00e1gkezel\u00e9si tan\u00e1csad\u00e1s<\/strong><\/p>\n\n\n\n<p>A szolg\u00e1ltat\u00e1s azoknak a lakhat\u00e1ssal \u00f6sszef\u00fcgg\u00e9sben elad\u00f3sodott, szoci\u00e1lisan r\u00e1szorul\u00f3 Szigetszentmikl\u00f3son \u00e9l\u0151 csal\u00e1doknak k\u00edv\u00e1n seg\u00edteni, akik maguk is k\u00e9szek \u00e9s k\u00e9pesek tartoz\u00e1suk r\u00e9szbeni megfizet\u00e9s\u00e9re. Az ad\u00f3ss\u00e1gkezel\u00e9si szolg\u00e1ltat\u00e1s sor\u00e1n tan\u00e1csad\u00e1st \u00e9s seg\u00edt\u0151 csoportfoglalkoz\u00e1st biztos\u00edtunk. Ezt a r\u00e9szleges fizet\u0151k\u00e9pess\u00e9get eg\u00e9sz\u00edti ki a t\u00e1mogat\u00e1s, a m\u00e9lt\u00e1nyolhat\u00f3 k\u00f6r\u00fclm\u00e9nyekhez igazod\u00f3an. Mivel az ad\u00f3ss\u00e1gkezel\u00e9s f\u0151 c\u00e9lja az \u00e9rintettek fizet\u0151k\u00e9pess\u00e9g\u00e9nek helyre\u00e1ll\u00edt\u00e1sa, abban is seg\u00edts\u00e9get k\u00edv\u00e1nunk ny\u00fajtani, hogy a j\u00f6v\u0151ben hogyan ker\u00fclheti el az elad\u00f3sod\u00e1st.<\/p>\n\n\n\n<p><strong>Munkav\u00e1llal\u00e1si tan\u00e1csad\u00e1s<\/strong><\/p>\n\n\n\n<p>Egy\u00e9ni tan\u00e1csad\u00e1s form\u00e1j\u00e1ban lehet\u0151s\u00e9g van munkav\u00e1llal\u00e1si tan\u00e1csad\u00e1s ig\u00e9nybe v\u00e9tel\u00e9re, melynek sor\u00e1n tan\u00e1csad\u00f3nk seg\u00edt \u00f6n\u00e9letrajzot k\u00e9sz\u00edteni, k\u00fcl\u00f6nb\u00f6z\u0151 hasznos tan\u00e1csokkal l\u00e1tja el az \u00e1ll\u00e1skeres\u0151t annak \u00e9rdek\u00e9ben, hogy az \u00e1ll\u00e1skeres\u00e9se, illetve az \u00e1ll\u00e1sinterj\u00fan val\u00f3 r\u00e9szv\u00e9tele min\u00e9l hat\u00e9konyabb legyen. A tan\u00e1csad\u00e1s sor\u00e1n lehet\u0151s\u00e9g van egy\u00e9nre szabott \u00e1ll\u00e1skeres\u00e9sre is. A szolg\u00e1ltat\u00e1st csak csal\u00e1dseg\u00edt\u0151 koll\u00e9g\u00e1val t\u00f6rt\u00e9n\u0151 szem\u00e9lyes egyeztet\u00e9s alapj\u00e1n lehet ig\u00e9nybe venni a Szigetszentmikl\u00f3son \u00e9l\u0151 lakosoknak. J\u00e1r\u00e1s ter\u00fclet\u00e9r\u0151l a helyi csal\u00e1d- \u00e9s gyermekj\u00f3l\u00e9ti szolg\u00e1lat csal\u00e1dseg\u00edt\u0151 munkat\u00e1rs\u00e1val val\u00f3 el\u0151zetes szem\u00e9lyes egyeztet\u00e9s alapj\u00e1n vehetik ig\u00e9nybe.<\/p>\n\n\n\n<p><strong>Jogi tan\u00e1csad\u00e1s<\/strong><\/p>\n\n\n\n<p>K\u00fcl\u00f6nb\u00f6z\u0151 jogi k\u00e9rd\u00e9sekben, vit\u00e1s \u00fcgyekben kaphatnak felvil\u00e1gos\u00edt\u00e1st, jogi tan\u00e1csot. Seg\u00edt\u00fcnk keresetlevelet, fellebbez\u00e9seket meg\u00edrni. A tan\u00e1csad\u00e1s el\u0151tt szigetszentmikl\u00f3si lakosoknak minden esetben sz\u00fcks\u00e9ges csal\u00e1dseg\u00edt\u0151vel szem\u00e9lyesen tal\u00e1lkozni \u00e9s rajta kereszt\u00fcl id\u0151pontot egyeztetni, a j\u00e1r\u00e1sban \u00e9l\u0151knek a helyi csal\u00e1d- \u00e9s gyermekj\u00f3l\u00e9ti szolg\u00e1laton kereszt\u00fcl lehet id\u0151pontot k\u00e9rni, a telep\u00fcl\u00e9s\u00e9n dolgoz\u00f3 csal\u00e1dseg\u00edt\u0151n kereszt\u00fcl. A tan\u00e1csad\u00f3 jogi k\u00e9pviseletet nem v\u00e1llalhat!<\/p>\n\n\n\n<p><strong>Fejleszt\u0151 pedag\u00f3gus<\/strong><\/p>\n\n\n\n<p>Elv\u00e9gzi az Int\u00e9zm\u00e9nyhez fordul\u00f3 gyermek tanul\u00e1si neh\u00e9zs\u00e9geinek sz\u0171r\u00e9s\u00e9t, a seg\u00edts\u00e9gre szorul\u00f3 gyermeket fogadja, fejleszti, korrepet\u00e1lja. A gyermekek oktat\u00e1si int\u00e9zm\u00e9nyeivel, a helyi pedag\u00f3giai szakszolg\u00e1lattal folyamatosan kapcsolatot tart. Egy\u00fcttm\u0171k\u00f6dik a gyermeket \u00e9s a sz\u00fcl\u0151j\u00e9t gondoz\u00f3 csal\u00e1dseg\u00edt\u0151vel. A fejleszt\u0151pedag\u00f3gus7-10 \u00e9ves kor\u00fa gyermekeket fogad. A szolg\u00e1ltat\u00e1s ig\u00e9nybev\u00e9tele el\u0151tt sz\u00fcl\u0151nek \u00e9s gyermek\u00e9nek minden esetben szem\u00e9lyesen kell tal\u00e1lkozni a csal\u00e1dseg\u00edt\u0151 koll\u00e9g\u00e1val a Szigetszentmikl\u00f3son \u00e9l\u0151 lakosoknak. J\u00e1r\u00e1s ter\u00fclet\u00e9r\u0151l a helyi csal\u00e1d- \u00e9s gyermekj\u00f3l\u00e9ti szolg\u00e1lat csal\u00e1dseg\u00edt\u0151 munkat\u00e1rs\u00e1val val\u00f3 szem\u00e9lyes tal\u00e1lkoz\u00e1s ut\u00e1n vehetik ig\u00e9nybe.<\/p>\n\n\n\n<p><strong>Pszichol\u00f3giai tan\u00e1csad\u00e1s<\/strong><\/p>\n\n\n\n<p>A csal\u00e1don bel\u00fcli s\u00falyos ellent\u00e9tek, probl\u00e9m\u00e1k, s\u00falyos konfliktusok eset\u00e9n lehet\u0151s\u00e9g van arra, hogy pszichol\u00f3gus szakember\u00fcnkh\u00f6z forduljanak. A pszichol\u00f3giai tan\u00e1csad\u00e1st csak csal\u00e1dseg\u00edt\u0151 koll\u00e9g\u00e1val t\u00f6rt\u00e9n\u0151 szem\u00e9lyes egyeztet\u00e9s alapj\u00e1n lehet ig\u00e9nybe venni a Szigetszentmikl\u00f3son \u00e9l\u0151 lakosoknak. J\u00e1r\u00e1s ter\u00fclet\u00e9r\u0151l a helyi csal\u00e1d- \u00e9s gyermekj\u00f3l\u00e9ti szolg\u00e1lat csal\u00e1dseg\u00edt\u0151 munkat\u00e1rs\u00e1val val\u00f3 el\u0151zetes szem\u00e9lyes egyeztet\u00e9s alapj\u00e1n vehetik ig\u00e9nybe.<\/p>\n\n\n\n<p><strong>Csal\u00e1dkonzult\u00e1ci\u00f3, csal\u00e1dter\u00e1pia<\/strong><\/p>\n\n\n\n<p>C\u00e9lja a felek k\u00f6z\u00f6tti konfliktusok felold\u00e1s\u00e1nak el\u0151seg\u00edt\u00e9se, k\u00f6z\u00f6tt\u00fck meg\u00e1llapod\u00e1s l\u00e9trehoz\u00e1sa, \u00e1s annak minden f\u00e9l r\u00e9sz\u00e9r\u0151l t\u00f6rt\u00e9n\u0151 betart\u00e1sa. A szolg\u00e1ltat\u00e1st csak csal\u00e1dseg\u00edt\u0151 koll\u00e9g\u00e1val t\u00f6rt\u00e9n\u0151 szem\u00e9lyes egyeztet\u00e9s alapj\u00e1n lehet ig\u00e9nybe venni a Szigetszentmikl\u00f3son \u00e9l\u0151 lakosoknak. J\u00e1r\u00e1s ter\u00fclet\u00e9r\u0151l a helyi csal\u00e1d- \u00e9s gyermekj\u00f3l\u00e9ti szolg\u00e1lat csal\u00e1dseg\u00edt\u0151 munkat\u00e1rs\u00e1val val\u00f3 el\u0151zetes szem\u00e9lyes egyeztet\u00e9s alapj\u00e1n vehetik ig\u00e9nybe.<\/p>\n\n\n\n<p><strong>Medi\u00e1ci\u00f3<\/strong><\/p>\n\n\n\n<p>C\u00e9lja a felek k\u00f6z\u00f6tti konfliktusok felold\u00e1s\u00e1nak el\u0151seg\u00edt\u00e9se, k\u00f6z\u00f6tt\u00fck meg\u00e1llapod\u00e1s l\u00e9trehoz\u00e1sa, \u00e1s annak mindk\u00e9t f\u00e9l r\u00e9sz\u00e9r\u0151l t\u00f6rt\u00e9n\u0151 betart\u00e1sa. A szolg\u00e1ltat\u00e1st csak csal\u00e1dseg\u00edt\u0151 koll\u00e9g\u00e1val t\u00f6rt\u00e9n\u0151 szem\u00e9lyes egyeztet\u00e9s alapj\u00e1n lehet ig\u00e9nybe venni a Szigetszentmikl\u00f3son \u00e9l\u0151 lakosoknak. J\u00e1r\u00e1s ter\u00fclet\u00e9r\u0151l a helyi csal\u00e1d- \u00e9s gyermekj\u00f3l\u00e9ti szolg\u00e1lat csal\u00e1dseg\u00edt\u0151 munkat\u00e1rs\u00e1val val\u00f3 el\u0151zetes szem\u00e9lyes egyeztet\u00e9s alapj\u00e1n vehetik ig\u00e9nybe.<\/p>\n\n\n\n<p><strong>Kapcsolattart\u00e1si \u00fcgyelet<\/strong><\/p>\n\n\n\n<p>C\u00e9lja lehet\u0151s\u00e9get biztos\u00edtani a gyermek, valamint a k\u00fcl\u00f6n \u00e9l\u0151, kapcsolattart\u00e1sra jogosult sz\u00fcl\u0151 (nagysz\u00fcl\u0151, stb.) sz\u00e1m\u00e1ra arra, hogy semleges helysz\u00ednen, nyugodt, biztons\u00e1gos k\u00f6r\u00fclm\u00e9nyek k\u00f6z\u00f6tt tal\u00e1lkozhassanak egym\u00e1ssal. Az \u00fcgyelet p\u00e9ntekenk\u00e9nt 13.00-18.00 \u00f3ra k\u00f6z\u00f6tt tart nyitva. A kapcsolat\u00fcgyelet \u00fcnnepnapokra es\u0151 p\u00e9ntekeken, valamint az \u00e9v k\u00e9t utols\u00f3 het\u00e9nek p\u00e9ntek\u00e9n z\u00e1rva tart.<\/p>\n\n\n\n<p><strong>K\u00e9szenl\u00e9ti szolg\u00e1lat<\/strong><\/p>\n\n\n\n<p>C\u00e9lja a Csal\u00e1d- \u00e9s Gyermekj\u00f3l\u00e9ti K\u00f6zpont nyitvatart\u00e1si idej\u00e9n t\u00fal felmer\u00fcl\u0151 kr\u00edzishelyzetekben t\u00f6rt\u00e9n\u0151 azonnali seg\u00edts\u00e9g, tan\u00e1csad\u00e1s, t\u00e1j\u00e9koztat\u00e1s ny\u00fajt\u00e1sa. A k\u00e9szenl\u00e9ti szolg\u00e1lat egy \u00e1lland\u00f3an h\u00edvhat\u00f3 telefonsz\u00e1m biztos\u00edt\u00e1s\u00e1val lett megszervezve \u00fagy, hogy a k\u00e9szenl\u00e9tben l\u00e9v\u0151 munkat\u00e1rs szakszer\u0171 seg\u00edts\u00e9get tudjon ny\u00fajtani, vagy ilyen seg\u00edts\u00e9get tudjon mozg\u00f3s\u00edtani. A telefonos k\u00e9szenl\u00e9ti szolg\u00e1lat a&nbsp;<strong>06-20\/404-5251<\/strong>-es telefonsz\u00e1mon h\u00edvhat\u00f3.<\/p>\n\n\n\n<p><strong>Szakmai t\u00e1mogat\u00e1s ny\u00fajt\u00e1sa az ell\u00e1t\u00e1si ter\u00fclet\u00e9n m\u0171k\u00f6d\u0151 gyermekj\u00f3l\u00e9ti szolg\u00e1latok sz\u00e1m\u00e1ra<\/strong><\/p>\n\n\n\n<p>Ennek keret\u00e9ben havonta esetmegbesz\u00e9l\u00e9s tat\u00e1sa a szolg\u00e1latok sz\u00e1m\u00e1ra \u00e9s sz\u00fcks\u00e9g szerinti konzult\u00e1ci\u00f3 biztos\u00edt\u00e1sa. T\u00e1j\u00e9koztatja a szolg\u00e1latokat az \u00e1ltala ny\u00fajtott szolg\u00e1ltat\u00e1sokr\u00f3l, az azt \u00e9rint\u0151 v\u00e1ltoz\u00e1sokr\u00f3l, illetve a j\u00e1r\u00e1s ter\u00fclet\u00e9n el\u00e9rhet\u0151, m\u00e1s szem\u00e9ly, illetve szervezet \u00e1ltal ny\u00fajtott, k\u00f6zvet\u00edthet\u0151 szolg\u00e1ltat\u00e1sokr\u00f3l.<\/p>\n\n\n\n<p><strong>Utcai, lak\u00f3telepi szoci\u00e1lis munka<\/strong><\/p>\n\n\n\n<p>C\u00e9lja a magatart\u00e1s\u00e1val testi, lelki, \u00e9rtelmi fejl\u0151d\u00e9s\u00e9t vesz\u00e9lyeztet\u0151, szabadidej\u00e9t az utc\u00e1n t\u00f6lt\u0151, kall\u00f3d\u00f3, cselleng\u0151 gyermek seg\u00edt\u00e9se. Valamint a lak\u00f3hely\u00e9r\u0151l \u00f6nk\u00e9nyesen elt\u00e1voz\u00f3, vagy a sz\u00fcl\u0151je (gondoz\u00f3ja) \u00e1ltal a lak\u00e1sb\u00f3l kitett, ell\u00e1t\u00e1s \u00e9s fel\u00fcgyelet n\u00e9lk\u00fcl marad\u00f3 gyermek lak\u00f3hely\u00e9re t\u00f6rt\u00e9n\u0151 visszaker\u00fcl\u00e9s\u00e9nek el\u0151seg\u00edt\u00e9se, sz\u00fcks\u00e9g eset\u00e9n \u00e1tmeneti gondoz\u00e1s\u00e1nak vagy gyermekv\u00e9delmi gondoskod\u00e1s\u00e1ban r\u00e9szes\u00edt\u00e9s\u00e9nek kezdem\u00e9nyez\u00e9se. C\u00e9lja a gyermekek beilleszked\u00e9s\u00e9t, szabadidej\u00fck hasznos elt\u00f6lt\u00e9s\u00e9t seg\u00edt\u0151 programok szervez\u00e9se a j\u00e1r\u00e1s ter\u00fclet\u00e9re vonatkoz\u00f3an, az \u00e9rintett gyermek lak\u00f3k\u00f6rnyezet\u00e9ben, az \u00e1ltaluk l\u00e1togatott bev\u00e1s\u00e1rl\u00f3k\u00f6zpontokban, illetve egy\u00e9b helysz\u00edneke, vagy csal\u00e1d- \u00e9s gyermekj\u00f3l\u00e9ti k\u00f6zpont ter\u00fclet\u00e9n, lehet\u0151leg szerint bevonva a gyermek csal\u00e1dj\u00e1t is.<\/p>\n\n\n\n<p><strong>Menek\u00fcltek integr\u00e1ci\u00f3j\u00e1nak seg\u00edt\u00e9se<\/strong><\/p>\n\n\n\n<p>A mened\u00e9kjogot k\u00e9r\u0151 menek\u00fclt t\u00e1rsadalmi beilleszked\u00e9se a Csal\u00e1d- \u00e9s Gyermekj\u00f3l\u00e9ti K\u00f6zpont k\u00f6zrem\u0171k\u00f6d\u00e9s\u00e9vel val\u00f3sul meg. A Bev\u00e1ndorl\u00e1si Hivatallal val\u00f3 integr\u00e1ci\u00f3s szerz\u0151d\u00e9s megk\u00f6t\u00e9se ut\u00e1n, a kik\u00f6lt\u00f6z\u00e9st k\u00f6vet\u0151en a K\u00f6zpont munkat\u00e1rsa \u00e1ll kapcsolatban az \u00fcgyf\u00e9llel \u00e9s a szerz\u0151d\u00e9sben, valamint az 1993. \u00e9vi II. t\u00f6rv\u00e9nyben meghat\u00e1rozottak szerint seg\u00edti. ennek \u00e9rtelm\u00e9ben a K\u00f6zpont seg\u00edts\u00e9get ny\u00fajthat munkakeres\u00e9sben, \u00f3vod\u00e1ba, iskol\u00e1ba val\u00f3 jelentkez\u00e9sben, magyar nyelvtanul\u00e1si lehet\u0151s\u00e9g keres\u00e9s\u00e9ben. Seg\u00edt felvenni a kapcsolatot civil vagy \u00f6nkorm\u00e1nyzati szervezetekkel, munka\u00fcgyi k\u00f6zponttal, ig\u00e9ny szerint egyh\u00e1zakkal.<\/p>\n\n\n\n<p><strong>\u00d3vodai \u00e9s iskolai szoci\u00e1lis seg\u00edt\u0151 tev\u00e9kenys\u00e9g<\/strong>&nbsp;(2018. janu\u00e1r 1-t\u0151l)<\/p>\n\n\n\n<p>A k\u00f6znevel\u00e9si int\u00e9zm\u00e9nybe j\u00e1r\u00f3 gyermekeknek, azok csal\u00e1dj\u00e1nak, az int\u00e9zm\u00e9nyben dolgoz\u00f3 pedag\u00f3gusoknak ny\u00fajt t\u00e1mogat\u00e1st az\u00e1ltal, hogy egy\u00e9ni \u00e9s csoportos form\u00e1ban seg\u00edti:<\/p>\n\n\n\n<blockquote class=\"wp-block-quote is-layout-flow wp-block-quote-is-layout-flow\">\n<ul class=\"wp-block-list\">\n<li>a gyermeket a kor\u00e1nak megfelel\u0151, nevel\u00e9sbe, oktat\u00e1sba val\u00f3 beilleszked\u00e9s\u00e9nek, tanulm\u00e1nyi k\u00f6telezetts\u00e9gei teljes\u00edt\u00e9s\u00e9hez sz\u00fcks\u00e9ges kompetenci\u00e1i fejleszt\u00e9s\u00e9ben,<\/li>\n\n\n\n<li>a gyermek tanulm\u00e1nyi k\u00f6telezetts\u00e9g\u00e9nek teljes\u00edt\u00e9s akad\u00e1lyoz\u00f3 t\u00e9nyez\u0151k felt\u00e1r\u00e1s\u00e1t \u00e9s megold\u00e1s\u00e1t,<\/li>\n\n\n\n<li>a gyermek a tanulm\u00e1nyi el\u0151menetel\u00e9hez, k\u00e9s\u0151bbi munkav\u00e1llal\u00e1s\u00e1hoz kapcsol\u00f3d\u00f3 lehet\u0151s\u00e9gei kibontakoz\u00e1s\u00e1ban<\/li>\n\n\n\n<li>a gyermek csal\u00e1dj\u00e1t a gyermek iskolai \u00e9let\u00e9t \u00e9rint\u0151 k\u00e9rd\u00e9sekben, valamint a nevel\u00e9si probl\u00e9m\u00e1k eset\u00e9n a gyermeket \u00e9s a csal\u00e1dot a k\u00f6z\u00f6tt\u00fck l\u00e9v\u0151 konfliktus felold\u00e1s\u00e1ban.<\/li>\n<\/ul>\n<\/blockquote>\n\n\n\n<p>Kiv\u00e1lt\u00e1ssal kapcsolatos esetmenedzseri feladatok (2017. janu\u00e1r 1-t\u0151l)<\/p>\n","protected":false},"excerpt":{"rendered":"<p>Csal\u00e1d- \u00e9s gyermekj\u00f3l\u00e9ti szolg\u00e1lat feladatainak ell\u00e1t\u00e1sa Vesz\u00e9lyeztetetts\u00e9ges \u00e9szlel\u0151 \u00e9s jelz\u0151rendszer m\u0171k\u00f6dtet\u00e9se Javaslat hat\u00f3s\u00e1gi int\u00e9zked\u00e9sre K\u00f6zrem\u0171k\u00f6d\u00e9s hat\u00f3s\u00e1gi int\u00e9zked\u00e9sben Csal\u00e1dgondoz\u00e1s a csal\u00e1dj\u00e1b\u00f3l kiemelt gyermek visszahelyez\u00e9se \u00e9rdek\u00e9ben Ut\u00f3gondoz\u00f3i munka&nbsp;(nevel\u00e9sbe v\u00e9tel megsz\u0171n\u00e9s\u00e9t k\u00f6vet\u0151en) Ad\u00f3ss\u00e1gkezel\u00e9si tan\u00e1csad\u00e1s A szolg\u00e1ltat\u00e1s azoknak a lakhat\u00e1ssal \u00f6sszef\u00fcgg\u00e9sben elad\u00f3sodott, szoci\u00e1lisan r\u00e1szorul\u00f3 Szigetszentmikl\u00f3son \u00e9l\u0151 csal\u00e1doknak k\u00edv\u00e1n seg\u00edteni, akik maguk is k\u00e9szek \u00e9s k\u00e9pesek tartoz\u00e1suk r\u00e9szbeni megfizet\u00e9s\u00e9re. Az ad\u00f3ss\u00e1gkezel\u00e9si szolg\u00e1ltat\u00e1s sor\u00e1n tan\u00e1csad\u00e1st \u00e9s seg\u00edt\u0151 csoportfoglalkoz\u00e1st biztos\u00edtunk. Ezt a r\u00e9szleges fizet\u0151k\u00e9pess\u00e9get eg\u00e9sz\u00edti ki a t\u00e1mogat\u00e1s, a m\u00e9lt\u00e1nyolhat\u00f3 k\u00f6r\u00fclm\u00e9nyekhez igazod\u00f3an. Mivel az ad\u00f3ss\u00e1gkezel\u00e9s f\u0151 c\u00e9lja &hellip; <a href=\"https:\/\/szmcsaladsegito.hu\/index.php\/szolgaltatasaink\/\" class=\"more-link\">Continue reading<span class=\"screen-reader-text\"> &#8222;<strong>Szolg\u00e1ltat\u00e1saink<\/strong>&#8222;<\/span><\/a><\/p>\n","protected":false},"author":1,"featured_media":0,"parent":0,"menu_order":0,"comment_status":"closed","ping_status":"closed","template":"","meta":{"footnotes":""},"class_list":["post-17","page","type-page","status-publish","hentry"],"yoast_head":"<!-- This site is optimized with the Yoast SEO plugin v27.5 - https:\/\/yoast.com\/product\/yoast-seo-wordpress\/ -->\n<title>Szolg\u00e1ltat\u00e1saink - Szigetszentmikl\u00f3s Csal\u00e1d- \u00e9s Gyermekj\u00f3l\u00e9ti K\u00f6zpont<\/title>\n<meta name=\"robots\" content=\"index, follow, max-snippet:-1, max-image-preview:large, max-video-preview:-1\" \/>\n<link rel=\"canonical\" href=\"https:\/\/szmcsaladsegito.hu\/index.php\/szolgaltatasaink\/\" \/>\n<meta property=\"og:locale\" content=\"hu_HU\" \/>\n<meta property=\"og:type\" content=\"article\" \/>\n<meta property=\"og:title\" content=\"Szolg\u00e1ltat\u00e1saink - Szigetszentmikl\u00f3s Csal\u00e1d- \u00e9s Gyermekj\u00f3l\u00e9ti K\u00f6zpont\" \/>\n<meta property=\"og:description\" content=\"Csal\u00e1d- \u00e9s gyermekj\u00f3l\u00e9ti szolg\u00e1lat feladatainak ell\u00e1t\u00e1sa Vesz\u00e9lyeztetetts\u00e9ges \u00e9szlel\u0151 \u00e9s jelz\u0151rendszer m\u0171k\u00f6dtet\u00e9se Javaslat hat\u00f3s\u00e1gi int\u00e9zked\u00e9sre K\u00f6zrem\u0171k\u00f6d\u00e9s hat\u00f3s\u00e1gi int\u00e9zked\u00e9sben Csal\u00e1dgondoz\u00e1s a csal\u00e1dj\u00e1b\u00f3l kiemelt gyermek visszahelyez\u00e9se \u00e9rdek\u00e9ben Ut\u00f3gondoz\u00f3i munka&nbsp;(nevel\u00e9sbe v\u00e9tel megsz\u0171n\u00e9s\u00e9t k\u00f6vet\u0151en) Ad\u00f3ss\u00e1gkezel\u00e9si tan\u00e1csad\u00e1s A szolg\u00e1ltat\u00e1s azoknak a lakhat\u00e1ssal \u00f6sszef\u00fcgg\u00e9sben elad\u00f3sodott, szoci\u00e1lisan r\u00e1szorul\u00f3 Szigetszentmikl\u00f3son \u00e9l\u0151 csal\u00e1doknak k\u00edv\u00e1n seg\u00edteni, akik maguk is k\u00e9szek \u00e9s k\u00e9pesek tartoz\u00e1suk r\u00e9szbeni megfizet\u00e9s\u00e9re. Az ad\u00f3ss\u00e1gkezel\u00e9si szolg\u00e1ltat\u00e1s sor\u00e1n tan\u00e1csad\u00e1st \u00e9s seg\u00edt\u0151 csoportfoglalkoz\u00e1st biztos\u00edtunk. Ezt a r\u00e9szleges fizet\u0151k\u00e9pess\u00e9get eg\u00e9sz\u00edti ki a t\u00e1mogat\u00e1s, a m\u00e9lt\u00e1nyolhat\u00f3 k\u00f6r\u00fclm\u00e9nyekhez igazod\u00f3an. Mivel az ad\u00f3ss\u00e1gkezel\u00e9s f\u0151 c\u00e9lja &hellip; Continue reading &quot;Szolg\u00e1ltat\u00e1saink&quot;\" \/>\n<meta property=\"og:url\" content=\"https:\/\/szmcsaladsegito.hu\/index.php\/szolgaltatasaink\/\" \/>\n<meta property=\"og:site_name\" content=\"Szigetszentmikl\u00f3s Csal\u00e1d- \u00e9s Gyermekj\u00f3l\u00e9ti K\u00f6zpont\" \/>\n<meta property=\"article:modified_time\" content=\"2024-11-08T12:59:12+00:00\" \/>\n<meta name=\"twitter:card\" content=\"summary_large_image\" \/>\n<meta name=\"twitter:label1\" content=\"Becs\u00fclt olvas\u00e1si id\u0151\" \/>\n\t<meta name=\"twitter:data1\" content=\"5 perc\" \/>\n<script type=\"application\/ld+json\" class=\"yoast-schema-graph\">{\"@context\":\"https:\\\/\\\/schema.org\",\"@graph\":[{\"@type\":\"WebPage\",\"@id\":\"https:\\\/\\\/szmcsaladsegito.hu\\\/index.php\\\/szolgaltatasaink\\\/\",\"url\":\"https:\\\/\\\/szmcsaladsegito.hu\\\/index.php\\\/szolgaltatasaink\\\/\",\"name\":\"Szolg\u00e1ltat\u00e1saink - Szigetszentmikl\u00f3s Csal\u00e1d- \u00e9s Gyermekj\u00f3l\u00e9ti K\u00f6zpont\",\"isPartOf\":{\"@id\":\"https:\\\/\\\/szmcsaladsegito.hu\\\/#website\"},\"datePublished\":\"2022-12-09T16:47:26+00:00\",\"dateModified\":\"2024-11-08T12:59:12+00:00\",\"breadcrumb\":{\"@id\":\"https:\\\/\\\/szmcsaladsegito.hu\\\/index.php\\\/szolgaltatasaink\\\/#breadcrumb\"},\"inLanguage\":\"hu\",\"potentialAction\":[{\"@type\":\"ReadAction\",\"target\":[\"https:\\\/\\\/szmcsaladsegito.hu\\\/index.php\\\/szolgaltatasaink\\\/\"]}]},{\"@type\":\"BreadcrumbList\",\"@id\":\"https:\\\/\\\/szmcsaladsegito.hu\\\/index.php\\\/szolgaltatasaink\\\/#breadcrumb\",\"itemListElement\":[{\"@type\":\"ListItem\",\"position\":1,\"name\":\"Kezd\u0151lap\",\"item\":\"https:\\\/\\\/szmcsaladsegito.hu\\\/\"},{\"@type\":\"ListItem\",\"position\":2,\"name\":\"Szolg\u00e1ltat\u00e1saink\"}]},{\"@type\":\"WebSite\",\"@id\":\"https:\\\/\\\/szmcsaladsegito.hu\\\/#website\",\"url\":\"https:\\\/\\\/szmcsaladsegito.hu\\\/\",\"name\":\"Szigetszentmikl\u00f3s Csal\u00e1d- \u00e9s Gyermekj\u00f3l\u00e9ti K\u00f6zpont\",\"description\":\"SZIGETSZENTMIKL\u00d3SI CSSK\",\"potentialAction\":[{\"@type\":\"SearchAction\",\"target\":{\"@type\":\"EntryPoint\",\"urlTemplate\":\"https:\\\/\\\/szmcsaladsegito.hu\\\/?s={search_term_string}\"},\"query-input\":{\"@type\":\"PropertyValueSpecification\",\"valueRequired\":true,\"valueName\":\"search_term_string\"}}],\"inLanguage\":\"hu\"}]}<\/script>\n<!-- \/ Yoast SEO plugin. -->","yoast_head_json":{"title":"Szolg\u00e1ltat\u00e1saink - Szigetszentmikl\u00f3s Csal\u00e1d- \u00e9s Gyermekj\u00f3l\u00e9ti K\u00f6zpont","robots":{"index":"index","follow":"follow","max-snippet":"max-snippet:-1","max-image-preview":"max-image-preview:large","max-video-preview":"max-video-preview:-1"},"canonical":"https:\/\/szmcsaladsegito.hu\/index.php\/szolgaltatasaink\/","og_locale":"hu_HU","og_type":"article","og_title":"Szolg\u00e1ltat\u00e1saink - Szigetszentmikl\u00f3s Csal\u00e1d- \u00e9s Gyermekj\u00f3l\u00e9ti K\u00f6zpont","og_description":"Csal\u00e1d- \u00e9s gyermekj\u00f3l\u00e9ti szolg\u00e1lat feladatainak ell\u00e1t\u00e1sa Vesz\u00e9lyeztetetts\u00e9ges \u00e9szlel\u0151 \u00e9s jelz\u0151rendszer m\u0171k\u00f6dtet\u00e9se Javaslat hat\u00f3s\u00e1gi int\u00e9zked\u00e9sre K\u00f6zrem\u0171k\u00f6d\u00e9s hat\u00f3s\u00e1gi int\u00e9zked\u00e9sben Csal\u00e1dgondoz\u00e1s a csal\u00e1dj\u00e1b\u00f3l kiemelt gyermek visszahelyez\u00e9se \u00e9rdek\u00e9ben Ut\u00f3gondoz\u00f3i munka&nbsp;(nevel\u00e9sbe v\u00e9tel megsz\u0171n\u00e9s\u00e9t k\u00f6vet\u0151en) Ad\u00f3ss\u00e1gkezel\u00e9si tan\u00e1csad\u00e1s A szolg\u00e1ltat\u00e1s azoknak a lakhat\u00e1ssal \u00f6sszef\u00fcgg\u00e9sben elad\u00f3sodott, szoci\u00e1lisan r\u00e1szorul\u00f3 Szigetszentmikl\u00f3son \u00e9l\u0151 csal\u00e1doknak k\u00edv\u00e1n seg\u00edteni, akik maguk is k\u00e9szek \u00e9s k\u00e9pesek tartoz\u00e1suk r\u00e9szbeni megfizet\u00e9s\u00e9re. Az ad\u00f3ss\u00e1gkezel\u00e9si szolg\u00e1ltat\u00e1s sor\u00e1n tan\u00e1csad\u00e1st \u00e9s seg\u00edt\u0151 csoportfoglalkoz\u00e1st biztos\u00edtunk. Ezt a r\u00e9szleges fizet\u0151k\u00e9pess\u00e9get eg\u00e9sz\u00edti ki a t\u00e1mogat\u00e1s, a m\u00e9lt\u00e1nyolhat\u00f3 k\u00f6r\u00fclm\u00e9nyekhez igazod\u00f3an. Mivel az ad\u00f3ss\u00e1gkezel\u00e9s f\u0151 c\u00e9lja &hellip; Continue reading \"Szolg\u00e1ltat\u00e1saink\"","og_url":"https:\/\/szmcsaladsegito.hu\/index.php\/szolgaltatasaink\/","og_site_name":"Szigetszentmikl\u00f3s Csal\u00e1d- \u00e9s Gyermekj\u00f3l\u00e9ti K\u00f6zpont","article_modified_time":"2024-11-08T12:59:12+00:00","twitter_card":"summary_large_image","twitter_misc":{"Becs\u00fclt olvas\u00e1si id\u0151":"5 perc"},"schema":{"@context":"https:\/\/schema.org","@graph":[{"@type":"WebPage","@id":"https:\/\/szmcsaladsegito.hu\/index.php\/szolgaltatasaink\/","url":"https:\/\/szmcsaladsegito.hu\/index.php\/szolgaltatasaink\/","name":"Szolg\u00e1ltat\u00e1saink - Szigetszentmikl\u00f3s Csal\u00e1d- \u00e9s Gyermekj\u00f3l\u00e9ti K\u00f6zpont","isPartOf":{"@id":"https:\/\/szmcsaladsegito.hu\/#website"},"datePublished":"2022-12-09T16:47:26+00:00","dateModified":"2024-11-08T12:59:12+00:00","breadcrumb":{"@id":"https:\/\/szmcsaladsegito.hu\/index.php\/szolgaltatasaink\/#breadcrumb"},"inLanguage":"hu","potentialAction":[{"@type":"ReadAction","target":["https:\/\/szmcsaladsegito.hu\/index.php\/szolgaltatasaink\/"]}]},{"@type":"BreadcrumbList","@id":"https:\/\/szmcsaladsegito.hu\/index.php\/szolgaltatasaink\/#breadcrumb","itemListElement":[{"@type":"ListItem","position":1,"name":"Kezd\u0151lap","item":"https:\/\/szmcsaladsegito.hu\/"},{"@type":"ListItem","position":2,"name":"Szolg\u00e1ltat\u00e1saink"}]},{"@type":"WebSite","@id":"https:\/\/szmcsaladsegito.hu\/#website","url":"https:\/\/szmcsaladsegito.hu\/","name":"Szigetszentmikl\u00f3s Csal\u00e1d- \u00e9s Gyermekj\u00f3l\u00e9ti K\u00f6zpont","description":"SZIGETSZENTMIKL\u00d3SI CSSK","potentialAction":[{"@type":"SearchAction","target":{"@type":"EntryPoint","urlTemplate":"https:\/\/szmcsaladsegito.hu\/?s={search_term_string}"},"query-input":{"@type":"PropertyValueSpecification","valueRequired":true,"valueName":"search_term_string"}}],"inLanguage":"hu"}]}},"jetpack_sharing_enabled":true,"_links":{"self":[{"href":"https:\/\/szmcsaladsegito.hu\/index.php\/wp-json\/wp\/v2\/pages\/17","targetHints":{"allow":["GET"]}}],"collection":[{"href":"https:\/\/szmcsaladsegito.hu\/index.php\/wp-json\/wp\/v2\/pages"}],"about":[{"href":"https:\/\/szmcsaladsegito.hu\/index.php\/wp-json\/wp\/v2\/types\/page"}],"author":[{"embeddable":true,"href":"https:\/\/szmcsaladsegito.hu\/index.php\/wp-json\/wp\/v2\/users\/1"}],"replies":[{"embeddable":true,"href":"https:\/\/szmcsaladsegito.hu\/index.php\/wp-json\/wp\/v2\/comments?post=17"}],"version-history":[{"count":3,"href":"https:\/\/szmcsaladsegito.hu\/index.php\/wp-json\/wp\/v2\/pages\/17\/revisions"}],"predecessor-version":[{"id":155,"href":"https:\/\/szmcsaladsegito.hu\/index.php\/wp-json\/wp\/v2\/pages\/17\/revisions\/155"}],"wp:attachment":[{"href":"https:\/\/szmcsaladsegito.hu\/index.php\/wp-json\/wp\/v2\/media?parent=17"}],"curies":[{"name":"wp","href":"https:\/\/api.w.org\/{rel}","templated":true}]}}